{"id":495,"date":"2020-05-05T11:51:59","date_gmt":"2020-05-05T09:51:59","guid":{"rendered":"https:\/\/schulen-colditz.de\/oberschule\/?page_id=495"},"modified":"2021-12-09T17:54:57","modified_gmt":"2021-12-09T16:54:57","slug":"schulangebote","status":"publish","type":"page","link":"https:\/\/schulen-colditz.de\/oberschule\/schulangebote\/","title":{"rendered":"Schulangebote"},"content":{"rendered":"\n<h2 class=\"alignwide has-text-align-left wp-block-heading\" id=\"gta\">Unsere Ganztagsangebote<\/h2>\n\n\n\n<div class=\"wp-block-columns alignwide is-layout-flex wp-container-core-columns-is-layout-8f761849 wp-block-columns-is-layout-flex\">\n<div class=\"wp-block-column is-layout-flow wp-block-column-is-layout-flow\">\n<p class=\"wp-block-paragraph\">Unsere Schule verf\u00fcgt \u00fcber ein vielf\u00e4ltiges sich an den Bed\u00fcrfnissen der Sch\u00fclerInnen orientierendes Ganztagsangebot, das auf deren F\u00f6rderung und Forderung zielt, sowie auf die Entwicklung emotionaler, musischer, sprachlicher, kreativer, motorischer und sozialer Kompetenzen.<\/p>\n\n\n\n<p class=\"wp-block-paragraph\">Die Sch\u00fclerInnen nehmen Montag bis Freitag im Zeitraum 13 bis 15 Uhr an selbst ausgew\u00e4hlten fakultativen Angeboten teil.<\/p>\n\n\n\n<p class=\"wp-block-paragraph\">Ansprechpartnerinnen f\u00fcr die Ganztagsangebote an unserer Schule sind Frau Schilde und Frau Marschner.<\/p>\n<\/div>\n<\/div>\n\n\n\n<h3 class=\"has-text-align-left wp-block-heading\" id=\"gta-im-schuljahr-2021-2022\">GTA im Schuljahr 2021\/2022<\/h3>\n\n\n\n<div class=\"wp-block-group alignwide\"><div class=\"wp-block-group__inner-container is-layout-flow wp-block-group-is-layout-flow\">\n<div class=\"wp-block-columns is-layout-flex wp-container-core-columns-is-layout-8f761849 wp-block-columns-is-layout-flex\">\n<div class=\"wp-block-column is-layout-flow wp-block-column-is-layout-flow\">\n<div class=\"wp-block-image is-style-rounded\"><figure class=\"aligncenter size-large is-resized\"><img loading=\"lazy\" decoding=\"async\" src=\"https:\/\/websitedemos.net\/wp-content\/uploads\/2021\/08\/new-user-dark.svg\" alt=\"\" class=\"wp-image-57738\" width=\"100\" height=\"100\"\/><figcaption><strong>Frau Schilde<\/strong><\/figcaption><\/figure><\/div>\n\n\n\n<p class=\"has-text-align-center wp-block-paragraph\">Peddigrohr und Handarbeit<\/p>\n\n\n\n<p class=\"has-text-align-center wp-block-paragraph\">Wollywood u. flotte Nadel<\/p>\n<\/div>\n\n\n\n<div class=\"wp-block-column is-layout-flow wp-block-column-is-layout-flow\">\n<div class=\"wp-block-image is-style-rounded\"><figure class=\"aligncenter size-large is-resized\"><img loading=\"lazy\" decoding=\"async\" src=\"https:\/\/websitedemos.net\/wp-content\/uploads\/2021\/08\/new-user-dark.svg\" alt=\"\" class=\"wp-image-57738\" width=\"100\" height=\"100\"\/><figcaption><strong>Frau Fischer<\/strong><\/figcaption><\/figure><\/div>\n\n\n\n<p class=\"has-text-align-center wp-block-paragraph\">Laienspiel<\/p>\n<\/div>\n\n\n\n<div class=\"wp-block-column is-layout-flow wp-block-column-is-layout-flow\">\n<div class=\"wp-block-image is-style-rounded\"><figure class=\"aligncenter size-large is-resized\"><img loading=\"lazy\" decoding=\"async\" src=\"https:\/\/websitedemos.net\/wp-content\/uploads\/2021\/08\/new-user-dark.svg\" alt=\"\" class=\"wp-image-57738\" width=\"100\" height=\"100\"\/><figcaption><strong>Herr Neubert<\/strong><\/figcaption><\/figure><\/div>\n\n\n\n<p class=\"has-text-align-center wp-block-paragraph\">Schwertkampf<\/p>\n<\/div>\n\n\n\n<div class=\"wp-block-column is-layout-flow wp-block-column-is-layout-flow\">\n<div class=\"wp-block-image is-style-rounded\"><figure class=\"aligncenter size-large is-resized\"><img loading=\"lazy\" decoding=\"async\" src=\"https:\/\/websitedemos.net\/wp-content\/uploads\/2021\/08\/new-user-dark.svg\" alt=\"\" class=\"wp-image-57738\" width=\"100\" height=\"100\"\/><figcaption><strong>Frau Vogt<\/strong><\/figcaption><\/figure><\/div>\n\n\n\n<p class=\"has-text-align-center wp-block-paragraph\">Fit &amp; Fun<\/p>\n<\/div>\n\n\n\n<div class=\"wp-block-column is-layout-flow wp-block-column-is-layout-flow\">\n<div class=\"wp-block-image is-style-rounded\"><figure class=\"aligncenter size-large is-resized\"><img loading=\"lazy\" decoding=\"async\" src=\"https:\/\/websitedemos.net\/wp-content\/uploads\/2021\/08\/new-user-dark.svg\" alt=\"\" class=\"wp-image-57738\" width=\"100\" height=\"100\"\/><figcaption><strong>Frau Beutner<\/strong><\/figcaption><\/figure><\/div>\n\n\n\n<p class=\"has-text-align-center wp-block-paragraph\">Badminton<\/p>\n<\/div>\n\n\n\n<div class=\"wp-block-column is-layout-flow wp-block-column-is-layout-flow\">\n<div class=\"wp-block-image is-style-rounded\"><figure class=\"aligncenter size-large is-resized\"><img loading=\"lazy\" decoding=\"async\" src=\"https:\/\/websitedemos.net\/wp-content\/uploads\/2021\/08\/new-user-dark.svg\" alt=\"\" class=\"wp-image-57738\" width=\"100\" height=\"100\"\/><figcaption><strong>Herr B\u00f6hme<\/strong><\/figcaption><\/figure><\/div>\n\n\n\n<p class=\"has-text-align-center wp-block-paragraph\">Skat<\/p>\n<\/div>\n\n\n\n<div class=\"wp-block-column is-layout-flow wp-block-column-is-layout-flow\">\n<div class=\"wp-block-image is-style-rounded\"><figure class=\"aligncenter size-large is-resized\"><img loading=\"lazy\" decoding=\"async\" src=\"https:\/\/websitedemos.net\/wp-content\/uploads\/2021\/08\/new-user-dark.svg\" alt=\"\" class=\"wp-image-57738\" width=\"100\" height=\"100\"\/><figcaption><strong>Herr Giessler<\/strong><\/figcaption><\/figure><\/div>\n\n\n\n<p class=\"has-text-align-center wp-block-paragraph\">Basketball<\/p>\n<\/div>\n<\/div>\n<\/div><\/div>\n\n\n\n<div class=\"wp-block-group alignwide\"><div class=\"wp-block-group__inner-container is-layout-flow wp-block-group-is-layout-flow\">\n<div class=\"wp-block-columns is-layout-flex wp-container-core-columns-is-layout-8f761849 wp-block-columns-is-layout-flex\">\n<div class=\"wp-block-column is-layout-flow wp-block-column-is-layout-flow\">\n<div class=\"wp-block-image is-style-rounded\"><figure class=\"aligncenter size-large is-resized\"><img loading=\"lazy\" decoding=\"async\" src=\"https:\/\/websitedemos.net\/wp-content\/uploads\/2021\/08\/new-user-dark.svg\" alt=\"\" class=\"wp-image-57738\" width=\"100\" height=\"100\"\/><figcaption><strong>Frau Kie\u00dfig<\/strong><\/figcaption><\/figure><\/div>\n\n\n\n<p class=\"has-text-align-center wp-block-paragraph\">Lego &#8211; Meister<\/p>\n\n\n\n<p class=\"has-text-align-center wp-block-paragraph\">Kreativkurs<\/p>\n<\/div>\n\n\n\n<div class=\"wp-block-column is-layout-flow wp-block-column-is-layout-flow\">\n<div class=\"wp-block-image is-style-rounded\"><figure class=\"aligncenter size-large is-resized\"><img loading=\"lazy\" decoding=\"async\" src=\"https:\/\/websitedemos.net\/wp-content\/uploads\/2021\/08\/new-user-dark.svg\" alt=\"\" class=\"wp-image-57738\" width=\"100\" height=\"100\"\/><figcaption><strong>Frau Domann<\/strong><\/figcaption><\/figure><\/div>\n\n\n\n<p class=\"has-text-align-center wp-block-paragraph\">Keramik<\/p>\n<\/div>\n\n\n\n<div class=\"wp-block-column is-layout-flow wp-block-column-is-layout-flow\">\n<div class=\"wp-block-image is-style-rounded\"><figure class=\"aligncenter size-large is-resized\"><img loading=\"lazy\" decoding=\"async\" src=\"https:\/\/websitedemos.net\/wp-content\/uploads\/2021\/08\/new-user-dark.svg\" alt=\"\" class=\"wp-image-57738\" width=\"100\" height=\"100\"\/><figcaption><strong>Frau Hellmig<\/strong><\/figcaption><\/figure><\/div>\n\n\n\n<p class=\"has-text-align-center wp-block-paragraph\">Feuerwehr<\/p>\n<\/div>\n\n\n\n<div class=\"wp-block-column is-layout-flow wp-block-column-is-layout-flow\">\n<div class=\"wp-block-image is-style-rounded\"><figure class=\"aligncenter size-large is-resized\"><img loading=\"lazy\" decoding=\"async\" src=\"https:\/\/websitedemos.net\/wp-content\/uploads\/2021\/08\/new-user-dark.svg\" alt=\"\" class=\"wp-image-57738\" width=\"100\" height=\"100\"\/><figcaption><strong>Frau Guhlmann<\/strong><\/figcaption><\/figure><\/div>\n\n\n\n<p class=\"has-text-align-center wp-block-paragraph\">Russisch<\/p>\n<\/div>\n\n\n\n<div class=\"wp-block-column is-layout-flow wp-block-column-is-layout-flow\">\n<div class=\"wp-block-image is-style-rounded\"><figure class=\"aligncenter size-large is-resized\"><img loading=\"lazy\" decoding=\"async\" src=\"https:\/\/websitedemos.net\/wp-content\/uploads\/2021\/08\/new-user-dark.svg\" alt=\"\" class=\"wp-image-57738\" width=\"100\" height=\"100\"\/><figcaption><strong>Frau Marschner<\/strong><\/figcaption><\/figure><\/div>\n\n\n\n<p class=\"has-text-align-center wp-block-paragraph\">Kochkurs BBS<\/p>\n<\/div>\n\n\n\n<div class=\"wp-block-column is-layout-flow wp-block-column-is-layout-flow\">\n<div class=\"wp-block-image is-style-rounded\"><figure class=\"aligncenter size-large is-resized\"><img loading=\"lazy\" decoding=\"async\" src=\"https:\/\/websitedemos.net\/wp-content\/uploads\/2021\/08\/new-user-dark.svg\" alt=\"\" class=\"wp-image-57738\" width=\"100\" height=\"100\"\/><figcaption><strong>Herr Junghans<\/strong><\/figcaption><\/figure><\/div>\n\n\n\n<p class=\"has-text-align-center wp-block-paragraph\">Volleyball<\/p>\n<\/div>\n\n\n\n<div class=\"wp-block-column is-layout-flow wp-block-column-is-layout-flow\">\n<div class=\"wp-block-image is-style-rounded\"><figure class=\"aligncenter size-large is-resized\"><img loading=\"lazy\" decoding=\"async\" src=\"https:\/\/websitedemos.net\/wp-content\/uploads\/2021\/08\/new-user-dark.svg\" alt=\"\" class=\"wp-image-57738\" width=\"100\" height=\"100\"\/><figcaption><strong>Herr Gr\u00e4f<\/strong><\/figcaption><\/figure><\/div>\n\n\n\n<p class=\"has-text-align-center wp-block-paragraph\">Fu\u00dfball<\/p>\n<\/div>\n<\/div>\n<\/div><\/div>\n\n\n\n<div class=\"wp-block-group alignwide divider\"><div class=\"wp-block-group__inner-container is-layout-flow wp-block-group-is-layout-flow\">\n<hr class=\"wp-block-separator divider\"\/>\n<\/div><\/div>\n\n\n\n<h2 class=\"wp-block-heading\" id=\"bildungsangebote\">Bildungsangebote<\/h2>\n\n\n\n<p class=\"wp-block-paragraph\">Hier erhalten Sie einen \u00dcberblick \u00fcber die drei Bildungsangebote an unserer Schule.<\/p>\n\n\n\n<div class=\"wp-block-columns alignwide is-layout-flex wp-container-core-columns-is-layout-8f761849 wp-block-columns-is-layout-flex\">\n<div class=\"wp-block-column is-layout-flow wp-block-column-is-layout-flow\">\n<h3 class=\"wp-block-heading\" id=\"ba-kunst-frau-priemer\">BA Kunst \u2013 Frau Priemer<\/h3>\n\n\n\n<p class=\"wp-block-paragraph\">Kunst einmal anders: Die Sch\u00fcler und Sch\u00fclerinnen k\u00f6nnen sich in verschiedenen Techniken kreativ ausprobieren. Sie gestalten die Kulissen f\u00fcr das Weihnachtsm\u00e4rchen und stellen weihnachtliche Geschenke f\u00fcr das Weihnachtsl\u00e4dchen zum Tag der offenen T\u00fcr und den Colditzer Weihnachtsmarkt her.<\/p>\n\n\n\n<h3 class=\"wp-block-heading\" id=\"schulerzeitung-frau-langhammer\">Sch\u00fclerzeitung \u2013 Frau Langhammer<\/h3>\n\n\n\n<p class=\"wp-block-paragraph\">Die Sch\u00fcler berichten \u00fcber das aktuelle Schulleben und Ver\u00f6ffentlichungen im Colditzer Tageblatt.<\/p>\n<\/div>\n\n\n\n<div class=\"wp-block-column is-layout-flow wp-block-column-is-layout-flow\">\n<h3 class=\"wp-block-heading\" id=\"emw-frau-marschner\">EMW \u2013 Frau Marschner<\/h3>\n\n\n\n<p class=\"wp-block-paragraph\">Dieses Bildungsangebot ist ein wesentlicher Bestandteil unserer Berufsorientierungskonzeption. Sch\u00fcler der Klassenstufe 9 f\u00fchren praktische T\u00e4tigkeiten in Betrieben der Region aus und erkunden so verschiedene Berufsfelder. Ziel des Angebotes ist es, die Sch\u00fcler bei ihrer Berufswahl zu unterst\u00fctzen.<\/p>\n<\/div>\n<\/div>\n\n\n\n<div class=\"wp-block-group alignwide divider\"><div class=\"wp-block-group__inner-container is-layout-flow wp-block-group-is-layout-flow\">\n<hr class=\"wp-block-separator divider\"\/>\n<\/div><\/div>\n\n\n\n<h2 class=\"wp-block-heading\" id=\"berufsorientierung\">Berufsorientierung<\/h2>\n\n\n\n<div class=\"wp-block-columns alignwide is-layout-flex wp-container-core-columns-is-layout-8f761849 wp-block-columns-is-layout-flex\">\n<div class=\"wp-block-column is-layout-flow wp-block-column-is-layout-flow\">\n<h3 class=\"wp-block-heading\" id=\"berufsorientierung-frau-schicketanz\">Berufsorientierung \u2013&nbsp;Frau Schicketanz<\/h3>\n\n\n\n<p class=\"wp-block-paragraph\"><strong>\u201ePraxisberater an Schulen\u201c \u2013 ein Projekt des S\u00e4chsischen Ministeriums f\u00fcr Kultus und der Regionaldirektion Sachsen der Bundesagentur f\u00fcr Arbeit<\/strong>*<\/p>\n\n\n\n<p class=\"has-text-align-right wp-block-paragraph\">f\u00fcr Sch\u00fclerinnen und Sch\u00fcler der Klassenstufen 7 und 8 an s\u00e4chsischen Oberschulen<\/p>\n\n\n\n<p class=\"wp-block-paragraph\">Wir unterst\u00fctzen dich und deine Eltern individuell zusammen mit anderen Partnern bei deiner Berufsorientierung. Ziel ist die Verbesserung der individuellen F\u00f6rderung sowie die Un- terst\u00fctzung der Berufs- und Studienorientierung f\u00fcr alle Sch\u00fclerinnen und Sch\u00fcler.<\/p>\n\n\n\n<p class=\"wp-block-paragraph\">Auf Grundlage der Potenzialanalyse in der Klassenstufe 7 helfen wir dir deine St\u00e4rken und Interessen zu erkennen und werten die Ergebnisse gemeinsam aus. Mit Hilfe des daraus erstellten Entwicklungsplanes wird eine gezielte individuelle Beratung in der Orientierungsphase der Berufswahl erm\u00f6glicht.<\/p>\n\n\n\n<p class=\"wp-block-paragraph\">Hierf\u00fcr planen wir f\u00fcr und gemeinsam mit euch praxisnahe zielgerichtete Angebote im Rahmen der Berufsorientierung. Dies k\u00f6nnen u.a. ein gemeinsamer Besuch eines regionalen Berufsschulzentrums, Betriebserkundigungen sowie Bewerbertraining und andere individuel- le Angebote sein. Weiterhin steht f\u00fcr euch im Erdgescho\u00df des Schulhauses die gro\u00dfe Infotafel BERUFSORIENTIERUNG mit allen aktuellen regionalen und \u00fcberregionalen News, Ansprechpartnern und Ausbildungsangeboten zur Verf\u00fcgung.<\/p>\n\n\n\n<div class=\"wp-block-group\"><div class=\"wp-block-group__inner-container is-layout-flow wp-block-group-is-layout-flow\">\n<h3 class=\"wp-block-heading\" id=\"conny-schicketanz\">Conny Schicketanz<\/h3>\n\n\n\n<p class=\"wp-block-paragraph\">Oberschule Colditz<br>2. OG, Zimmer 2.03<br>Schulstra\u00dfe 12, <br>04680 Colditz<\/p>\n\n\n\n<p class=\"wp-block-paragraph\">Telefon: 034381-43479<br><a href=\"mailto:conny.schicketanz@bsw-muldental.de\">conny.schicketanz@bsw-muldental.de<\/a><\/p>\n\n\n\n<figure class=\"wp-block-image size-large\"><img loading=\"lazy\" decoding=\"async\" width=\"600\" height=\"50\" src=\"https:\/\/schulen-colditz.de\/oberschule\/wp-content\/uploads\/sites\/2\/2020\/01\/Logo-BSW.jpg\" alt=\"\" class=\"wp-image-356\" srcset=\"https:\/\/schulen-colditz.de\/oberschule\/wp-content\/uploads\/sites\/2\/2020\/01\/Logo-BSW.jpg 600w, https:\/\/schulen-colditz.de\/oberschule\/wp-content\/uploads\/sites\/2\/2020\/01\/Logo-BSW-300x25.jpg 300w, https:\/\/schulen-colditz.de\/oberschule\/wp-content\/uploads\/sites\/2\/2020\/01\/Logo-BSW-540x45.jpg 540w\" sizes=\"auto, (max-width: 600px) 100vw, 600px\" \/><\/figure>\n<\/div><\/div>\n<\/div>\n\n\n\n<div class=\"wp-block-column is-layout-flow wp-block-column-is-layout-flow\">\n<h3 class=\"wp-block-heading\" id=\"berufsberatung-frau-dahne-agentur-fur-arbeit\">Berufsberatung \u2013 Frau D\u00e4hne \/ Agentur f\u00fcr Arbeit<\/h3>\n\n\n\n<div class=\"wp-block-group\"><div class=\"wp-block-group__inner-container is-layout-flow wp-block-group-is-layout-flow\">\n<p class=\"wp-block-paragraph\">Als Berufsberaterin habe ich einen guten \u00dcberblick\n\u00fcber die Inhalte und Anforderungen von Ausbildungen. Um immer up to date zu\nsein, bilde ich mich regelm\u00e4\u00dfig \u00fcber die Entwicklung des Ausbildungs- und\nArbeitsmarktes weiter und bin gut vernetzt mit Partnern aus Wirtschaft und dem\ngesamten Bildungsbereich.<\/p>\n\n\n\n<p class=\"wp-block-paragraph\">Mein Beratungsservice ist neutral und steht allen\nSch\u00fclerinnen und Sch\u00fclern der Schule kostenfrei zur Verf\u00fcgung. Auch f\u00fcr Eltern\nstehe ich als Ansprechpartnerin bereit und biete in Zusammenarbeit mit der\nSchule Informationsveranstaltungen f\u00fcr Eltern an.<\/p>\n\n\n\n<p class=\"wp-block-paragraph\">Weitere Informationen gibt es <a rel=\"noreferrer noopener\" aria-label=\"hier (\u00f6ffnet in neuem Tab)\" href=\"https:\/\/www.arbeitsagentur.de\/vor-ort\/oschatz\/content\/1533728539816?pk_campaign=schulwebsite\" target=\"_blank\">hier<\/a>.<\/p>\n<\/div><\/div>\n\n\n\n<div class=\"wp-block-group\"><div class=\"wp-block-group__inner-container is-layout-flow wp-block-group-is-layout-flow\">\n<h3 class=\"wp-block-heading\" id=\"angela-dahne\">Angela D\u00e4hne<\/h3>\n\n\n\n<p class=\"wp-block-paragraph\">Agentur f\u00fcr Arbeit Grimma<br>Nikolaistra\u00dfe 12<br>04668 Grimma<\/p>\n\n\n\n<p class=\"wp-block-paragraph\">Telefon: 0800-4555500 (kostenfrei)<br><a href=\"mailto:angela.daehne@arbeitsagentur.de\">angela.daehne@arbeitsagentur.de<\/a><\/p>\n<\/div><\/div>\n<\/div>\n<\/div>\n","protected":false},"excerpt":{"rendered":"<p>Unsere Ganztagsangebote Unsere Schule verf\u00fcgt \u00fcber ein vielf\u00e4ltiges sich an den Bed\u00fcrfnissen der Sch\u00fclerInnen orientierendes Ganztagsangebot, das auf deren F\u00f6rderung und Forderung zielt, sowie auf die Entwicklung emotionaler,&hellip;<\/p>\n","protected":false},"author":1,"featured_media":0,"parent":0,"menu_order":0,"comment_status":"closed","ping_status":"closed","template":"","meta":{"_crdt_document":"","inline_featured_image":false,"_uag_custom_page_level_css":"","pgc_sgb_lightbox_settings":"","footnotes":""},"class_list":["post-495","page","type-page","status-publish","has-post-thumbnail","hentry"],"yoast_head":"<!-- This site is optimized with the Yoast SEO plugin v27.5 - https:\/\/yoast.com\/product\/yoast-seo-wordpress\/ -->\n<title>Schulangebote - Oberschule Colditz<\/title>\n<meta name=\"robots\" content=\"index, follow, max-snippet:-1, max-image-preview:large, max-video-preview:-1\" \/>\n<link rel=\"canonical\" href=\"https:\/\/schulen-colditz.de\/oberschule\/schulangebote\/\" \/>\n<meta property=\"og:locale\" content=\"de_DE\" \/>\n<meta property=\"og:type\" content=\"article\" \/>\n<meta property=\"og:title\" content=\"Schulangebote - Oberschule Colditz\" \/>\n<meta property=\"og:description\" content=\"Unsere Ganztagsangebote Unsere Schule verf\u00fcgt \u00fcber ein vielf\u00e4ltiges sich an den Bed\u00fcrfnissen der Sch\u00fclerInnen orientierendes Ganztagsangebot, das auf deren F\u00f6rderung und Forderung zielt, sowie auf die Entwicklung emotionaler,&hellip;\" \/>\n<meta property=\"og:url\" content=\"https:\/\/schulen-colditz.de\/oberschule\/schulangebote\/\" \/>\n<meta property=\"og:site_name\" content=\"Oberschule Colditz\" \/>\n<meta property=\"article:modified_time\" content=\"2021-12-09T16:54:57+00:00\" \/>\n<meta property=\"og:image\" content=\"https:\/\/websitedemos.net\/wp-content\/uploads\/2021\/08\/new-user-dark.svg\" \/>\n<meta name=\"twitter:card\" content=\"summary_large_image\" \/>\n<meta name=\"twitter:label1\" content=\"Gesch\u00e4tzte Lesezeit\" \/>\n\t<meta name=\"twitter:data1\" content=\"6\u00a0Minuten\" \/>\n<script type=\"application\/ld+json\" class=\"yoast-schema-graph\">{\"@context\":\"https:\\\/\\\/schema.org\",\"@graph\":[{\"@type\":\"WebPage\",\"@id\":\"https:\\\/\\\/schulen-colditz.de\\\/oberschule\\\/schulangebote\\\/\",\"url\":\"https:\\\/\\\/schulen-colditz.de\\\/oberschule\\\/schulangebote\\\/\",\"name\":\"Schulangebote - Oberschule Colditz\",\"isPartOf\":{\"@id\":\"https:\\\/\\\/schulen-colditz.de\\\/oberschule\\\/#website\"},\"primaryImageOfPage\":{\"@id\":\"https:\\\/\\\/schulen-colditz.de\\\/oberschule\\\/schulangebote\\\/#primaryimage\"},\"image\":{\"@id\":\"https:\\\/\\\/schulen-colditz.de\\\/oberschule\\\/schulangebote\\\/#primaryimage\"},\"thumbnailUrl\":\"https:\\\/\\\/websitedemos.net\\\/wp-content\\\/uploads\\\/2021\\\/08\\\/new-user-dark.svg\",\"datePublished\":\"2020-05-05T09:51:59+00:00\",\"dateModified\":\"2021-12-09T16:54:57+00:00\",\"breadcrumb\":{\"@id\":\"https:\\\/\\\/schulen-colditz.de\\\/oberschule\\\/schulangebote\\\/#breadcrumb\"},\"inLanguage\":\"de\",\"potentialAction\":[{\"@type\":\"ReadAction\",\"target\":[\"https:\\\/\\\/schulen-colditz.de\\\/oberschule\\\/schulangebote\\\/\"]}]},{\"@type\":\"ImageObject\",\"inLanguage\":\"de\",\"@id\":\"https:\\\/\\\/schulen-colditz.de\\\/oberschule\\\/schulangebote\\\/#primaryimage\",\"url\":\"https:\\\/\\\/websitedemos.net\\\/wp-content\\\/uploads\\\/2021\\\/08\\\/new-user-dark.svg\",\"contentUrl\":\"https:\\\/\\\/websitedemos.net\\\/wp-content\\\/uploads\\\/2021\\\/08\\\/new-user-dark.svg\"},{\"@type\":\"BreadcrumbList\",\"@id\":\"https:\\\/\\\/schulen-colditz.de\\\/oberschule\\\/schulangebote\\\/#breadcrumb\",\"itemListElement\":[{\"@type\":\"ListItem\",\"position\":1,\"name\":\"Startseite\",\"item\":\"https:\\\/\\\/schulen-colditz.de\\\/oberschule\\\/\"},{\"@type\":\"ListItem\",\"position\":2,\"name\":\"Schulangebote\"}]},{\"@type\":\"WebSite\",\"@id\":\"https:\\\/\\\/schulen-colditz.de\\\/oberschule\\\/#website\",\"url\":\"https:\\\/\\\/schulen-colditz.de\\\/oberschule\\\/\",\"name\":\"Oberschule Colditz\",\"description\":\"Hier erfahren Sie alles \u00fcber die Ooberschule Colditz\",\"publisher\":{\"@id\":\"https:\\\/\\\/schulen-colditz.de\\\/oberschule\\\/#organization\"},\"potentialAction\":[{\"@type\":\"SearchAction\",\"target\":{\"@type\":\"EntryPoint\",\"urlTemplate\":\"https:\\\/\\\/schulen-colditz.de\\\/oberschule\\\/?s={search_term_string}\"},\"query-input\":{\"@type\":\"PropertyValueSpecification\",\"valueRequired\":true,\"valueName\":\"search_term_string\"}}],\"inLanguage\":\"de\"},{\"@type\":\"Organization\",\"@id\":\"https:\\\/\\\/schulen-colditz.de\\\/oberschule\\\/#organization\",\"name\":\"Oberschule Colditz\",\"url\":\"https:\\\/\\\/schulen-colditz.de\\\/oberschule\\\/\",\"logo\":{\"@type\":\"ImageObject\",\"inLanguage\":\"de\",\"@id\":\"https:\\\/\\\/schulen-colditz.de\\\/oberschule\\\/#\\\/schema\\\/logo\\\/image\\\/\",\"url\":\"https:\\\/\\\/schulen-colditz.de\\\/oberschule\\\/wp-content\\\/uploads\\\/sites\\\/2\\\/2019\\\/08\\\/cropped-logo-oberschule-1.png\",\"contentUrl\":\"https:\\\/\\\/schulen-colditz.de\\\/oberschule\\\/wp-content\\\/uploads\\\/sites\\\/2\\\/2019\\\/08\\\/cropped-logo-oberschule-1.png\",\"width\":6815,\"height\":1405,\"caption\":\"Oberschule Colditz\"},\"image\":{\"@id\":\"https:\\\/\\\/schulen-colditz.de\\\/oberschule\\\/#\\\/schema\\\/logo\\\/image\\\/\"}}]}<\/script>\n<!-- \/ Yoast SEO plugin. -->","yoast_head_json":{"title":"Schulangebote - Oberschule Colditz","robots":{"index":"index","follow":"follow","max-snippet":"max-snippet:-1","max-image-preview":"max-image-preview:large","max-video-preview":"max-video-preview:-1"},"canonical":"https:\/\/schulen-colditz.de\/oberschule\/schulangebote\/","og_locale":"de_DE","og_type":"article","og_title":"Schulangebote - Oberschule Colditz","og_description":"Unsere Ganztagsangebote Unsere Schule verf\u00fcgt \u00fcber ein vielf\u00e4ltiges sich an den Bed\u00fcrfnissen der Sch\u00fclerInnen orientierendes Ganztagsangebot, das auf deren F\u00f6rderung und Forderung zielt, sowie auf die Entwicklung emotionaler,&hellip;","og_url":"https:\/\/schulen-colditz.de\/oberschule\/schulangebote\/","og_site_name":"Oberschule Colditz","article_modified_time":"2021-12-09T16:54:57+00:00","og_image":[{"url":"https:\/\/websitedemos.net\/wp-content\/uploads\/2021\/08\/new-user-dark.svg","type":"","width":"","height":""}],"twitter_card":"summary_large_image","twitter_misc":{"Gesch\u00e4tzte Lesezeit":"6\u00a0Minuten"},"schema":{"@context":"https:\/\/schema.org","@graph":[{"@type":"WebPage","@id":"https:\/\/schulen-colditz.de\/oberschule\/schulangebote\/","url":"https:\/\/schulen-colditz.de\/oberschule\/schulangebote\/","name":"Schulangebote - Oberschule Colditz","isPartOf":{"@id":"https:\/\/schulen-colditz.de\/oberschule\/#website"},"primaryImageOfPage":{"@id":"https:\/\/schulen-colditz.de\/oberschule\/schulangebote\/#primaryimage"},"image":{"@id":"https:\/\/schulen-colditz.de\/oberschule\/schulangebote\/#primaryimage"},"thumbnailUrl":"https:\/\/websitedemos.net\/wp-content\/uploads\/2021\/08\/new-user-dark.svg","datePublished":"2020-05-05T09:51:59+00:00","dateModified":"2021-12-09T16:54:57+00:00","breadcrumb":{"@id":"https:\/\/schulen-colditz.de\/oberschule\/schulangebote\/#breadcrumb"},"inLanguage":"de","potentialAction":[{"@type":"ReadAction","target":["https:\/\/schulen-colditz.de\/oberschule\/schulangebote\/"]}]},{"@type":"ImageObject","inLanguage":"de","@id":"https:\/\/schulen-colditz.de\/oberschule\/schulangebote\/#primaryimage","url":"https:\/\/websitedemos.net\/wp-content\/uploads\/2021\/08\/new-user-dark.svg","contentUrl":"https:\/\/websitedemos.net\/wp-content\/uploads\/2021\/08\/new-user-dark.svg"},{"@type":"BreadcrumbList","@id":"https:\/\/schulen-colditz.de\/oberschule\/schulangebote\/#breadcrumb","itemListElement":[{"@type":"ListItem","position":1,"name":"Startseite","item":"https:\/\/schulen-colditz.de\/oberschule\/"},{"@type":"ListItem","position":2,"name":"Schulangebote"}]},{"@type":"WebSite","@id":"https:\/\/schulen-colditz.de\/oberschule\/#website","url":"https:\/\/schulen-colditz.de\/oberschule\/","name":"Oberschule Colditz","description":"Hier erfahren Sie alles \u00fcber die Ooberschule Colditz","publisher":{"@id":"https:\/\/schulen-colditz.de\/oberschule\/#organization"},"potentialAction":[{"@type":"SearchAction","target":{"@type":"EntryPoint","urlTemplate":"https:\/\/schulen-colditz.de\/oberschule\/?s={search_term_string}"},"query-input":{"@type":"PropertyValueSpecification","valueRequired":true,"valueName":"search_term_string"}}],"inLanguage":"de"},{"@type":"Organization","@id":"https:\/\/schulen-colditz.de\/oberschule\/#organization","name":"Oberschule Colditz","url":"https:\/\/schulen-colditz.de\/oberschule\/","logo":{"@type":"ImageObject","inLanguage":"de","@id":"https:\/\/schulen-colditz.de\/oberschule\/#\/schema\/logo\/image\/","url":"https:\/\/schulen-colditz.de\/oberschule\/wp-content\/uploads\/sites\/2\/2019\/08\/cropped-logo-oberschule-1.png","contentUrl":"https:\/\/schulen-colditz.de\/oberschule\/wp-content\/uploads\/sites\/2\/2019\/08\/cropped-logo-oberschule-1.png","width":6815,"height":1405,"caption":"Oberschule Colditz"},"image":{"@id":"https:\/\/schulen-colditz.de\/oberschule\/#\/schema\/logo\/image\/"}}]}},"uagb_featured_image_src":{"full":false,"thumbnail":false,"medium":false,"medium_large":false,"large":false,"1536x1536":false,"2048x2048":false,"post-thumbnail":false,"chaplin_preview_image_low_resolution":false,"chaplin_preview_image_high_resolution":false,"chaplin_fullscreen":false,"400x250-crop":false},"uagb_author_info":{"display_name":"knick","author_link":"https:\/\/schulen-colditz.de\/oberschule\/author\/knick\/"},"uagb_comment_info":0,"uagb_excerpt":"Unsere Ganztagsangebote Unsere Schule verf\u00fcgt \u00fcber ein vielf\u00e4ltiges sich an den Bed\u00fcrfnissen der Sch\u00fclerInnen orientierendes Ganztagsangebot, das auf deren F\u00f6rderung und Forderung zielt, sowie auf die Entwicklung emotionaler,&hellip;","_links":{"self":[{"href":"https:\/\/schulen-colditz.de\/oberschule\/wp-json\/wp\/v2\/pages\/495","targetHints":{"allow":["GET"]}}],"collection":[{"href":"https:\/\/schulen-colditz.de\/oberschule\/wp-json\/wp\/v2\/pages"}],"about":[{"href":"https:\/\/schulen-colditz.de\/oberschule\/wp-json\/wp\/v2\/types\/page"}],"author":[{"embeddable":true,"href":"https:\/\/schulen-colditz.de\/oberschule\/wp-json\/wp\/v2\/users\/1"}],"replies":[{"embeddable":true,"href":"https:\/\/schulen-colditz.de\/oberschule\/wp-json\/wp\/v2\/comments?post=495"}],"version-history":[{"count":0,"href":"https:\/\/schulen-colditz.de\/oberschule\/wp-json\/wp\/v2\/pages\/495\/revisions"}],"wp:attachment":[{"href":"https:\/\/schulen-colditz.de\/oberschule\/wp-json\/wp\/v2\/media?parent=495"}],"curies":[{"name":"wp","href":"https:\/\/api.w.org\/{rel}","templated":true}]}}