{"id":1152,"date":"2020-05-05T15:02:13","date_gmt":"2020-05-05T13:02:13","guid":{"rendered":"https:\/\/schulen-colditz.de\/grundschule\/?page_id=1152"},"modified":"2020-05-11T15:11:06","modified_gmt":"2020-05-11T13:11:06","slug":"5-kontakt-und-ansprechpartner","status":"publish","type":"page","link":"https:\/\/schulen-colditz.de\/grundschule\/5-kontakt-und-ansprechpartner\/","title":{"rendered":"Kontakt und Ansprechpartner"},"content":{"rendered":"\n<div class=\"wp-block-columns alignwide is-layout-flex wp-container-core-columns-is-layout-8f761849 wp-block-columns-is-layout-flex\">\n<div class=\"wp-block-column is-layout-flow wp-block-column-is-layout-flow\">\n<h2 class=\"wp-block-heading\">Verwaltung<\/h2>\n\n\n\n<p class=\"wp-block-paragraph\">Wir sind jederzeit gern f\u00fcr Sie da. Gern k\u00f6nnen Sie auch unser Kontaktformular nutzen.<br>Krankmeldungen richten Sie bitte an das Sekretariat, Frau Vo\u00df unter der Telefonnummer <a href=\"tel:+493438153801\">034381-53801<\/a>.<\/p>\n\n\n\n<p class=\"wp-block-paragraph\">Grundschule Colditz<br>Schulleiterin Frau Katrin Knoll<br>Nicolaistra\u00dfe 8<br>04680 Colditz<\/p>\n\n\n\n<p class=\"wp-block-paragraph\">Telefon: <a href=\"tel:+493438153801\">034381-53801<\/a><br>Fax: 034381-40636<\/p>\n\n\n\n<p class=\"wp-block-paragraph\">E-Mail: <a href=\"mailto:grundschule_colditz@t-online.de\">grundschule_colditz@t-online.de<\/a><br>Website: <a href=\"http:\/\/www.gs-colditz.de\">www.gs-colditz.de<\/a><\/p>\n\n\n\n<h2 class=\"wp-block-heading\">Lehrer und Mitarbeiter<\/h2>\n\n\n\n<p class=\"wp-block-paragraph\">Unser Kollegium steht\nIhnen bei all Ihren Fragen gerne zur Seite. Erste Ansprechpartner sind die\nKlassenlehrer, mit denen Sie immer einen Gespr\u00e4chstermin vereinbaren k\u00f6nnen.\nAuch unsere Schulleiterin hat ein offenes Ohr f\u00fcr Ihre Anliegen. <\/p>\n\n\n\n<p class=\"wp-block-paragraph\">Zu unserer Schule geh\u00f6ren au\u00dferdem unsere Sekret\u00e4rin Frau Vo\u00df und unser Hausmeister Herr Neumann. Frau Vo\u00df ist die richtige Ansprechpartnerin bei Adress\u00e4nderungen, Bescheinigungen oder wenn Sie Ihr Kind krankmelden m\u00f6chten.<\/p>\n<\/div>\n\n\n\n<div class=\"wp-block-column is-layout-flow wp-block-column-is-layout-flow\"><noscript class=\"ninja-forms-noscript-message\">\n\tHinweis: F\u00fcr diesen Inhalt ist JavaScript erforderlich.<\/noscript>\nDieses Formular wird gerade \u00fcberarbeitet. Bitte versuche es sp\u00e4ter nochmals.<\/div>\n<\/div>\n\n\n\n<div class=\"wp-block-group alignwide divider\"><div class=\"wp-block-group__inner-container is-layout-flow wp-block-group-is-layout-flow\">\n<hr class=\"wp-block-separator divider\"\/>\n<\/div><\/div>\n\n\n\n<h2 class=\"wp-block-heading\" id=\"elternrat\">Elternrat<\/h2>\n\n\n\n<div class=\"wp-block-columns alignwide is-layout-flex wp-container-core-columns-is-layout-8f761849 wp-block-columns-is-layout-flex\">\n<div class=\"wp-block-column is-layout-flow wp-block-column-is-layout-flow\">\n<div class=\"wp-block-group\"><div class=\"wp-block-group__inner-container is-layout-flow wp-block-group-is-layout-flow\">\n<div class=\"wp-block-group\"><div class=\"wp-block-group__inner-container is-layout-flow wp-block-group-is-layout-flow\">\n<p class=\"wp-block-paragraph\">Eltern haben das Recht und die Aufgabe, die Bildungs- und Erziehungsarbeit der Schule mitzugestalten. Jede Klasse w\u00e4hlt im Rahmen der Klassenelternversammlung (Elternabend) zum Schuljahresbeginn den\/die KlassenelternsprecherIn und StellvertreterIn. <\/p>\n\n\n\n<p class=\"wp-block-paragraph\">Klassenelternsprecher vertreten die\nInteressen ihrer Klasse und wirken bei der Gestaltung des schulischen Lebens\nmit. Die Elternsprecher bilden den Elternrat der Schule. Vorsitzende des\nElternrates unserer Schule ist\nFrau Munder. <\/p>\n\n\n\n<p class=\"wp-block-paragraph\">Vertreter des Elternrates und des\nLehrerrates sowie der Schulleiter, als Vorsitzender ohne Stimmrecht, bilden die\nSchulkonferenz. Diese hat eine gro\u00dfe Bedeutung, da sie als Mitbestimmungs-,\nVermittlungs- und Schlichtungsgremium mit umfassenden Beratungs- und\nVorschlagsrechten ausgestattet ist. Die Schulkonferenz ber\u00e4t zum Beispiel \u00fcber\nwichtige Aspekte der Bildungs- und Erziehungsarbeit, \u00fcber die Hausordnung der\nSchule, die Aufteilung der Haushaltmittel und schulische H\u00f6hepunkte. <\/p>\n\n\n\n<p class=\"wp-block-paragraph\"><strong>Wenn Sie ein Anliegen haben, das eine breitere Sch\u00fclerschaft betrifft, nehmen Sie bitte auch mit den Elternvertretern Ihrer Klasse Kontakt auf. Diese werden Ihr Anliegen an die Schulleitung und die Lehrer herantragen.<\/strong><\/p>\n<\/div><\/div>\n<\/div><\/div>\n<\/div>\n\n\n\n<div class=\"wp-block-column is-layout-flow wp-block-column-is-layout-flow\">\n<h3 class=\"wp-block-heading\">Unsere Elternvertreter im Schuljahr 2019\/20<\/h3>\n\n\n\n<figure class=\"wp-block-table is-style-regular half\"><table><thead><tr><th>Klasse<\/th><th>Vorsitz<\/th><th>Stellvertretung<\/th><\/tr><\/thead><tbody><tr><td>1a<\/td><td>Frau Graf<\/td><td>Frau Neubert<\/td><\/tr><tr><td>1b<\/td><td>Herr Berndt<\/td><td>Frau Schwarzer<\/td><\/tr><tr><td>2a<\/td><td>Frau Zielinski<\/td><td>Frau Kr\u00f6tzsch<\/td><\/tr><tr><td>2b<\/td><td>Frau Munder<\/td><td>Frau Fuchs<\/td><\/tr><tr><td>3a<\/td><td>Frau Haase<\/td><td>Frau Keller<\/td><\/tr><tr><td>3b<\/td><td>Frau Sch\u00f6nberg<\/td><td>Frau Berndt<\/td><\/tr><tr><td>4a<\/td><td>Frau Jahn<\/td><td>Frau Schmidt<\/td><\/tr><tr><td>4b<\/td><td>Herr Radetzki<\/td><td>Frau Hofmann<\/td><\/tr><\/tbody><\/table><\/figure>\n<\/div>\n<\/div>\n\n\n\n<div class=\"wp-block-group alignwide divider\"><div class=\"wp-block-group__inner-container is-layout-flow wp-block-group-is-layout-flow\">\n<hr class=\"wp-block-separator divider\"\/>\n<\/div><\/div>\n\n\n\n<h2 class=\"wp-block-heading\" id=\"schuelerrat\">Sch\u00fclerrat<\/h2>\n\n\n\n<div class=\"wp-block-columns alignwide is-layout-flex wp-container-core-columns-is-layout-8f761849 wp-block-columns-is-layout-flex\">\n<div class=\"wp-block-column is-layout-flow wp-block-column-is-layout-flow\">\n<div class=\"wp-block-group\"><div class=\"wp-block-group__inner-container is-layout-flow wp-block-group-is-layout-flow\">\n<p class=\"wp-block-paragraph\">Die Klassen 2 bis 4 w\u00e4hlen zum Beginn des neuen Schuljahres zwei Mitsch\u00fcler, die ihre Klassen im Sch\u00fclerrat vertreten. Dieser trifft sich regelm\u00e4\u00dfig mit der Schulleitung.<\/p>\n\n\n\n<h3 class=\"wp-block-heading\">Aufgaben des Sch\u00fclerrates<\/h3>\n\n\n\n<p class=\"wp-block-paragraph\">Die Sch\u00fcler gestalten ihren Schulalltag aktiv mit, damit unsere Schule ein echter Ort des Lernens und Lebens wird. Sie sollen mit ihren Fragen, Anliegen und W\u00fcnschen zu Wort kommen und anregende Diskussionen in ihren Klassen f\u00fchren.<br>Es wird gemeinsam \u00fcber Anliegen, Vorstellungen und W\u00fcnsche der Kinder unserer Schule beraten. Informationen werden ausgetauscht und Probleme besprochen.&nbsp;<\/p>\n\n\n\n<p class=\"wp-block-paragraph\">Dabei k\u00f6nnen unter anderem folgende Themen zur Sprache kommen:<\/p>\n\n\n\n<ul class=\"wp-block-list\"><li> Wof\u00fcr soll sich der Sch\u00fclerrat einsetzen?<\/li><li> Was kann man verbessern?<\/li><li> Was kann man tun, um die Regeln und Normen des Schulalltags einzuhalten?<\/li><li> Welche AGs und Angebote w\u00fcnschen wir uns?<\/li><li> Wie gestalten wir Schulveranstaltungen?<\/li><li> Welche Projekte m\u00f6chten wir durchf\u00fchren und mitgestalten?&nbsp; <\/li><\/ul>\n<\/div><\/div>\n<\/div>\n\n\n\n<div class=\"wp-block-column is-layout-flow wp-block-column-is-layout-flow\">\n<h3 class=\"wp-block-heading\">Unser Sch\u00fclerrat des Schuljahres 2019\/20<\/h3>\n\n\n\n<figure class=\"wp-block-table is-style-regular half\"><table><thead><tr><th>Klasse<\/th><th>Vertreter<\/th><\/tr><\/thead><tbody><tr><td>2a<\/td><td>Letti Rother<\/td><\/tr><tr><td>2b<\/td><td>Ole T\u00e4nzer<\/td><\/tr><tr><td>3a<\/td><td>Filine Jung<\/td><\/tr><tr><td>3b<\/td><td>Louis Sturne<\/td><\/tr><tr><td>4a<\/td><td>Maret Leuthold<\/td><\/tr><tr><td>4b<\/td><td>Hannes Freytag<\/td><\/tr><\/tbody><\/table><\/figure>\n<\/div>\n<\/div>\n","protected":false},"excerpt":{"rendered":"<p>Verwaltung Wir sind jederzeit gern f\u00fcr Sie da. Gern k\u00f6nnen Sie auch unser Kontaktformular nutzen.Krankmeldungen richten Sie bitte an das Sekretariat, Frau Vo\u00df unter der Telefonnummer 034381-53801. Grundschule&hellip;<\/p>\n","protected":false},"author":1,"featured_media":0,"parent":0,"menu_order":0,"comment_status":"closed","ping_status":"closed","template":"","meta":{"_crdt_document":"","inline_featured_image":false,"_uag_custom_page_level_css":"","pgc_sgb_lightbox_settings":"","footnotes":""},"class_list":["post-1152","page","type-page","status-publish","has-post-thumbnail","hentry"],"yoast_head":"<!-- This site is optimized with the Yoast SEO plugin v27.5 - https:\/\/yoast.com\/product\/yoast-seo-wordpress\/ -->\n<title>Kontakt und Ansprechpartner - Grundschule Colditz<\/title>\n<meta name=\"robots\" content=\"index, follow, max-snippet:-1, max-image-preview:large, max-video-preview:-1\" \/>\n<link rel=\"canonical\" href=\"https:\/\/schulen-colditz.de\/grundschule\/5-kontakt-und-ansprechpartner\/\" \/>\n<meta property=\"og:locale\" content=\"de_DE\" \/>\n<meta property=\"og:type\" content=\"article\" \/>\n<meta property=\"og:title\" content=\"Kontakt und Ansprechpartner - Grundschule Colditz\" \/>\n<meta property=\"og:description\" content=\"Verwaltung Wir sind jederzeit gern f\u00fcr Sie da. Gern k\u00f6nnen Sie auch unser Kontaktformular nutzen.Krankmeldungen richten Sie bitte an das Sekretariat, Frau Vo\u00df unter der Telefonnummer 034381-53801. Grundschule&hellip;\" \/>\n<meta property=\"og:url\" content=\"https:\/\/schulen-colditz.de\/grundschule\/5-kontakt-und-ansprechpartner\/\" \/>\n<meta property=\"og:site_name\" content=\"Grundschule Colditz\" \/>\n<meta property=\"article:modified_time\" content=\"2020-05-11T13:11:06+00:00\" \/>\n<meta name=\"twitter:card\" content=\"summary_large_image\" \/>\n<meta name=\"twitter:label1\" content=\"Gesch\u00e4tzte Lesezeit\" \/>\n\t<meta name=\"twitter:data1\" content=\"2\u00a0Minuten\" \/>\n<script type=\"application\/ld+json\" class=\"yoast-schema-graph\">{\"@context\":\"https:\\\/\\\/schema.org\",\"@graph\":[{\"@type\":\"WebPage\",\"@id\":\"https:\\\/\\\/schulen-colditz.de\\\/grundschule\\\/5-kontakt-und-ansprechpartner\\\/\",\"url\":\"https:\\\/\\\/schulen-colditz.de\\\/grundschule\\\/5-kontakt-und-ansprechpartner\\\/\",\"name\":\"Kontakt und Ansprechpartner - Grundschule Colditz\",\"isPartOf\":{\"@id\":\"https:\\\/\\\/schulen-colditz.de\\\/grundschule\\\/#website\"},\"datePublished\":\"2020-05-05T13:02:13+00:00\",\"dateModified\":\"2020-05-11T13:11:06+00:00\",\"breadcrumb\":{\"@id\":\"https:\\\/\\\/schulen-colditz.de\\\/grundschule\\\/5-kontakt-und-ansprechpartner\\\/#breadcrumb\"},\"inLanguage\":\"de\",\"potentialAction\":[{\"@type\":\"ReadAction\",\"target\":[\"https:\\\/\\\/schulen-colditz.de\\\/grundschule\\\/5-kontakt-und-ansprechpartner\\\/\"]}]},{\"@type\":\"BreadcrumbList\",\"@id\":\"https:\\\/\\\/schulen-colditz.de\\\/grundschule\\\/5-kontakt-und-ansprechpartner\\\/#breadcrumb\",\"itemListElement\":[{\"@type\":\"ListItem\",\"position\":1,\"name\":\"Startseite\",\"item\":\"https:\\\/\\\/schulen-colditz.de\\\/grundschule\\\/\"},{\"@type\":\"ListItem\",\"position\":2,\"name\":\"Kontakt und Ansprechpartner\"}]},{\"@type\":\"WebSite\",\"@id\":\"https:\\\/\\\/schulen-colditz.de\\\/grundschule\\\/#website\",\"url\":\"https:\\\/\\\/schulen-colditz.de\\\/grundschule\\\/\",\"name\":\"Grundschule Colditz\",\"description\":\"Hier erfahren Sie alles \u00fcber die Grundschule Colditz\",\"publisher\":{\"@id\":\"https:\\\/\\\/schulen-colditz.de\\\/grundschule\\\/#organization\"},\"potentialAction\":[{\"@type\":\"SearchAction\",\"target\":{\"@type\":\"EntryPoint\",\"urlTemplate\":\"https:\\\/\\\/schulen-colditz.de\\\/grundschule\\\/?s={search_term_string}\"},\"query-input\":{\"@type\":\"PropertyValueSpecification\",\"valueRequired\":true,\"valueName\":\"search_term_string\"}}],\"inLanguage\":\"de\"},{\"@type\":\"Organization\",\"@id\":\"https:\\\/\\\/schulen-colditz.de\\\/grundschule\\\/#organization\",\"name\":\"Grundschule Colditz\",\"url\":\"https:\\\/\\\/schulen-colditz.de\\\/grundschule\\\/\",\"logo\":{\"@type\":\"ImageObject\",\"inLanguage\":\"de\",\"@id\":\"https:\\\/\\\/schulen-colditz.de\\\/grundschule\\\/#\\\/schema\\\/logo\\\/image\\\/\",\"url\":\"https:\\\/\\\/schulen-colditz.de\\\/grundschule\\\/wp-content\\\/uploads\\\/sites\\\/3\\\/2019\\\/08\\\/cropped-logo-grundschule.png\",\"contentUrl\":\"https:\\\/\\\/schulen-colditz.de\\\/grundschule\\\/wp-content\\\/uploads\\\/sites\\\/3\\\/2019\\\/08\\\/cropped-logo-grundschule.png\",\"width\":6815,\"height\":1405,\"caption\":\"Grundschule Colditz\"},\"image\":{\"@id\":\"https:\\\/\\\/schulen-colditz.de\\\/grundschule\\\/#\\\/schema\\\/logo\\\/image\\\/\"}}]}<\/script>\n<!-- \/ Yoast SEO plugin. -->","yoast_head_json":{"title":"Kontakt und Ansprechpartner - Grundschule Colditz","robots":{"index":"index","follow":"follow","max-snippet":"max-snippet:-1","max-image-preview":"max-image-preview:large","max-video-preview":"max-video-preview:-1"},"canonical":"https:\/\/schulen-colditz.de\/grundschule\/5-kontakt-und-ansprechpartner\/","og_locale":"de_DE","og_type":"article","og_title":"Kontakt und Ansprechpartner - Grundschule Colditz","og_description":"Verwaltung Wir sind jederzeit gern f\u00fcr Sie da. Gern k\u00f6nnen Sie auch unser Kontaktformular nutzen.Krankmeldungen richten Sie bitte an das Sekretariat, Frau Vo\u00df unter der Telefonnummer 034381-53801. Grundschule&hellip;","og_url":"https:\/\/schulen-colditz.de\/grundschule\/5-kontakt-und-ansprechpartner\/","og_site_name":"Grundschule Colditz","article_modified_time":"2020-05-11T13:11:06+00:00","twitter_card":"summary_large_image","twitter_misc":{"Gesch\u00e4tzte Lesezeit":"2\u00a0Minuten"},"schema":{"@context":"https:\/\/schema.org","@graph":[{"@type":"WebPage","@id":"https:\/\/schulen-colditz.de\/grundschule\/5-kontakt-und-ansprechpartner\/","url":"https:\/\/schulen-colditz.de\/grundschule\/5-kontakt-und-ansprechpartner\/","name":"Kontakt und Ansprechpartner - Grundschule Colditz","isPartOf":{"@id":"https:\/\/schulen-colditz.de\/grundschule\/#website"},"datePublished":"2020-05-05T13:02:13+00:00","dateModified":"2020-05-11T13:11:06+00:00","breadcrumb":{"@id":"https:\/\/schulen-colditz.de\/grundschule\/5-kontakt-und-ansprechpartner\/#breadcrumb"},"inLanguage":"de","potentialAction":[{"@type":"ReadAction","target":["https:\/\/schulen-colditz.de\/grundschule\/5-kontakt-und-ansprechpartner\/"]}]},{"@type":"BreadcrumbList","@id":"https:\/\/schulen-colditz.de\/grundschule\/5-kontakt-und-ansprechpartner\/#breadcrumb","itemListElement":[{"@type":"ListItem","position":1,"name":"Startseite","item":"https:\/\/schulen-colditz.de\/grundschule\/"},{"@type":"ListItem","position":2,"name":"Kontakt und Ansprechpartner"}]},{"@type":"WebSite","@id":"https:\/\/schulen-colditz.de\/grundschule\/#website","url":"https:\/\/schulen-colditz.de\/grundschule\/","name":"Grundschule Colditz","description":"Hier erfahren Sie alles \u00fcber die Grundschule Colditz","publisher":{"@id":"https:\/\/schulen-colditz.de\/grundschule\/#organization"},"potentialAction":[{"@type":"SearchAction","target":{"@type":"EntryPoint","urlTemplate":"https:\/\/schulen-colditz.de\/grundschule\/?s={search_term_string}"},"query-input":{"@type":"PropertyValueSpecification","valueRequired":true,"valueName":"search_term_string"}}],"inLanguage":"de"},{"@type":"Organization","@id":"https:\/\/schulen-colditz.de\/grundschule\/#organization","name":"Grundschule Colditz","url":"https:\/\/schulen-colditz.de\/grundschule\/","logo":{"@type":"ImageObject","inLanguage":"de","@id":"https:\/\/schulen-colditz.de\/grundschule\/#\/schema\/logo\/image\/","url":"https:\/\/schulen-colditz.de\/grundschule\/wp-content\/uploads\/sites\/3\/2019\/08\/cropped-logo-grundschule.png","contentUrl":"https:\/\/schulen-colditz.de\/grundschule\/wp-content\/uploads\/sites\/3\/2019\/08\/cropped-logo-grundschule.png","width":6815,"height":1405,"caption":"Grundschule Colditz"},"image":{"@id":"https:\/\/schulen-colditz.de\/grundschule\/#\/schema\/logo\/image\/"}}]}},"uagb_featured_image_src":{"full":false,"thumbnail":false,"medium":false,"medium_large":false,"large":false,"1536x1536":false,"2048x2048":false,"post-thumbnail":false,"chaplin_preview_image_low_resolution":false,"chaplin_preview_image_high_resolution":false,"chaplin_fullscreen":false,"400x250-crop":false},"uagb_author_info":{"display_name":"knick","author_link":"https:\/\/schulen-colditz.de\/grundschule\/author\/knick\/"},"uagb_comment_info":0,"uagb_excerpt":"Verwaltung Wir sind jederzeit gern f\u00fcr Sie da. Gern k\u00f6nnen Sie auch unser Kontaktformular nutzen.Krankmeldungen richten Sie bitte an das Sekretariat, Frau Vo\u00df unter der Telefonnummer 034381-53801. Grundschule&hellip;","_links":{"self":[{"href":"https:\/\/schulen-colditz.de\/grundschule\/wp-json\/wp\/v2\/pages\/1152","targetHints":{"allow":["GET"]}}],"collection":[{"href":"https:\/\/schulen-colditz.de\/grundschule\/wp-json\/wp\/v2\/pages"}],"about":[{"href":"https:\/\/schulen-colditz.de\/grundschule\/wp-json\/wp\/v2\/types\/page"}],"author":[{"embeddable":true,"href":"https:\/\/schulen-colditz.de\/grundschule\/wp-json\/wp\/v2\/users\/1"}],"replies":[{"embeddable":true,"href":"https:\/\/schulen-colditz.de\/grundschule\/wp-json\/wp\/v2\/comments?post=1152"}],"version-history":[{"count":0,"href":"https:\/\/schulen-colditz.de\/grundschule\/wp-json\/wp\/v2\/pages\/1152\/revisions"}],"wp:attachment":[{"href":"https:\/\/schulen-colditz.de\/grundschule\/wp-json\/wp\/v2\/media?parent=1152"}],"curies":[{"name":"wp","href":"https:\/\/api.w.org\/{rel}","templated":true}]}}