{"id":1148,"date":"2020-05-05T15:01:42","date_gmt":"2020-05-05T13:01:42","guid":{"rendered":"https:\/\/schulen-colditz.de\/grundschule\/?page_id=1148"},"modified":"2020-06-15T11:41:02","modified_gmt":"2020-06-15T09:41:02","slug":"allgemeine-informationen","status":"publish","type":"page","link":"https:\/\/schulen-colditz.de\/grundschule\/allgemeine-informationen\/","title":{"rendered":"Allgemeine Informationen"},"content":{"rendered":"\n<div class=\"wp-block-group alignwide\"><div class=\"wp-block-group__inner-container is-layout-flow wp-block-group-is-layout-flow\">\n<h2 class=\"wp-block-heading\" id=\"informationenzureinschulung\">Informationen zur Einschulung<\/h2>\n<\/div><\/div>\n\n\n\n<div class=\"wp-block-columns alignwide is-layout-flex wp-container-core-columns-is-layout-8f761849 wp-block-columns-is-layout-flex\">\n<div class=\"wp-block-column is-layout-flow wp-block-column-is-layout-flow\">\n<div class=\"wp-block-group\"><div class=\"wp-block-group__inner-container is-layout-flow wp-block-group-is-layout-flow\">\n<h3 class=\"wp-block-heading\">Anmeldung<\/h3>\n\n\n\n<p class=\"wp-block-paragraph\">Alle Kinder, die bis zum 30. Juni\ndes laufenden Jahres das sechste Lebensjahr vollendet haben, <em>m\u00fcssen<\/em> an der Grundschule des\nHauptwohnsitzes angemeldet werden. Kinder, die zwischen dem 1. Juli und dem 30.\nSeptember das sechste Lebensjahr vollenden, <em>k\u00f6nnen<\/em>\nvon den Personensorgeberechtigten angemeldet werden. <\/p>\n\n\n\n<p class=\"wp-block-paragraph\">Die Schulanmeldung f\u00fcr das kommende Schuljahr findet im August des aktuellen Schuljahrs statt und wird rechtzeitig angek\u00fcndigt. Die Schulf\u00e4higkeitsuntersuchungen werden meist im November in unserer Schule durchgef\u00fchrt. <\/p>\n<\/div><\/div>\n\n\n\n<div class=\"wp-block-group\"><div class=\"wp-block-group__inner-container is-layout-flow wp-block-group-is-layout-flow\">\n<h3 class=\"wp-block-heading\">Vorschule<\/h3>\n\n\n\n<p class=\"wp-block-paragraph\">Mit den Kinderg\u00e4rten unserer Stadt verbindet\nuns eine enge Zusammenarbeit. Lehrerinnen besuchen die Kindergartenkinder und wir\nladen unsere neuen Schulanf\u00e4nger in unsere Schule ein. Im Januar gibt es f\u00fcr\ndie Vorschulkinder eine Schnupperstunde und im 2. Schulhalbjahr findet\nmonatlich ein Kennlerntag statt. Gemeinsam bet\u00e4tigen wir uns beispielsweise auf\nmathematischem, musischem und sportlichem Gebiet. <\/p>\n<\/div><\/div>\n<\/div>\n\n\n\n<div class=\"wp-block-column is-layout-flow wp-block-column-is-layout-flow\">\n<h3 class=\"wp-block-heading\">Elternabend<\/h3>\n\n\n\n<p class=\"wp-block-paragraph\">Zur Vorbereitung auf den Schulbesuch Ihres Kindes werden Sie bereits vor der Einschulung zu einem ersten Elternabend in die Schule eingeladen. Die zuk\u00fcnftige Klassenleiterin wird Sie gegebenenfalls im Juni zu einem weiteren Elternabend einladen. Dort erhalten Sie auch eine Liste f\u00fcr den Einkauf der ben\u00f6tigten Schulmaterialien. <\/p>\n\n\n\n<div class=\"wp-block-group\"><div class=\"wp-block-group__inner-container is-layout-flow wp-block-group-is-layout-flow\">\n<h3 class=\"wp-block-heading\">Einschulungsfeier<\/h3>\n\n\n\n<p class=\"wp-block-paragraph\">Die Einschulungsfeier findet am Samstag, den 29.08.2020 um 10 Uhr in der Turnhalle der Oberschule Colditz statt. Eltern und Gro\u00dfeltern sind als G\u00e4ste herzlich willkommen. Den kulturellen Rahmen der Feierstunde gestalten Sch\u00fcler unserer Schule. Anschlie\u00dfend erfolgt die Zuckert\u00fcten\u00fcbergabe. <br>W\u00e4hrend unsere Schulleiterin Frau Knoll einige Worte an die Eltern und G\u00e4ste richtet, gehen unsere Schulanf\u00e4nger mit ihrer Klassenleiterin in das neue Klassenzimmer. An der Grundschule k\u00f6nnen Eltern und G\u00e4ste die Kinder dann wieder in ihre Arme schlie\u00dfen.<\/p>\n<\/div><\/div>\n<\/div>\n<\/div>\n\n\n\n<div class=\"wp-block-group alignwide divider\"><div class=\"wp-block-group__inner-container is-layout-flow wp-block-group-is-layout-flow\">\n<hr class=\"wp-block-separator divider\"\/>\n<\/div><\/div>\n\n\n\n<h2 class=\"wp-block-heading\" id=\"hausordnung\">Hausordnung<\/h2>\n\n\n\n<div class=\"wp-block-columns alignwide is-layout-flex wp-container-core-columns-is-layout-8f761849 wp-block-columns-is-layout-flex\">\n<div class=\"wp-block-column is-layout-flow wp-block-column-is-layout-flow\"><style>#sp-ea-1198 .spcollapsing { height: 0; overflow: hidden; transition-property: height;transition-duration: 500ms;}#sp-ea-1198.sp-easy-accordion>.sp-ea-single {margin-bottom: 10px; border: 1px solid #e2e2e2; }#sp-ea-1198.sp-easy-accordion>.sp-ea-single>.ea-header a {color: #444;}#sp-ea-1198.sp-easy-accordion>.sp-ea-single>.sp-collapse>.ea-body {background: #fff; color: #444;}#sp-ea-1198.sp-easy-accordion>.sp-ea-single {background: #eee;}#sp-ea-1198.sp-easy-accordion>.sp-ea-single>.ea-header a .ea-expand-icon { float: left; color: #568bca;font-size: 16px;}<\/style><div id=\"sp_easy_accordion-1777598900\"><div id=\"sp-ea-1198\" class=\"sp-ea-one sp-easy-accordion\" data-ea-active=\"ea-click\" data-ea-mode=\"vertical\" data-preloader=\"\" data-scroll-active-item=\"\" data-offset-to-scroll=\"0\"><div class=\"ea-card ea-expand sp-ea-single\"><h3 class=\"ea-header\"><a class=\"collapsed\" id=\"ea-header-11980\" role=\"button\" data-sptoggle=\"spcollapse\" data-sptarget=\"#collapse11980\" aria-controls=\"collapse11980\" href=\"#\" aria-expanded=\"true\" tabindex=\"0\"><i aria-hidden=\"true\" role=\"presentation\" class=\"ea-expand-icon eap-icon-ea-expand-minus\"><\/i> 1. Organisatiorisches<\/a><\/h3><div class=\"sp-collapse spcollapse collapsed show\" id=\"collapse11980\" data-parent=\"#sp-ea-1198\" role=\"region\" aria-labelledby=\"ea-header-11980\"> <div class=\"ea-body\"><div class=\"wp-block-group\"><div class=\"wp-block-group__inner-container\"><p><strong>1.1 Kontakt<\/strong><\/p><p>Anschrift:<br \/>Grundschule Colditz<br \/>Nicolaistra\u00dfe 8<br \/>04680 Colditz<\/p><p>Schulleiterin: Frau Katrin Knoll<\/p><p>Telefon:\u00a0<a href=\"tel:+493438153801\">034381-53801<\/a><br \/>Fax: 034381-40636<\/p><p>E-Mail:\u00a0<a href=\"mailto:grundschule_colditz@t-online.de\">grundschule_colditz@t-online.de<\/a><br \/>Website:\u00a0<a href=\"http:\/\/www.gs-colditz.de\/\">schulen-colditz.de\/grundschule<\/a><\/p><p><strong>1.2 Unterrichtszeiten<\/strong><\/p><p>siehe Tabelle rechts<\/p><\/div><\/div><p><strong>1.3 Entschuldigung bei Krankheit<\/strong><\/p><p>Bei Krankheit oder anderem Fernbleiben entschuldigen mich meine Eltern direkt am ersten Tag bis 7.30 Uhr im Sekretariat der Schule.<\/p><\/div><\/div><\/div><div class=\"ea-card sp-ea-single\"><h3 class=\"ea-header\"><a class=\"collapsed\" id=\"ea-header-11981\" role=\"button\" data-sptoggle=\"spcollapse\" data-sptarget=\"#collapse11981\" aria-controls=\"collapse11981\" href=\"#\" aria-expanded=\"false\" tabindex=\"0\"><i aria-hidden=\"true\" role=\"presentation\" class=\"ea-expand-icon eap-icon-ea-expand-plus\"><\/i> 2. Vor dem Unterricht<\/a><\/h3><div class=\"sp-collapse spcollapse \" id=\"collapse11981\" data-parent=\"#sp-ea-1198\" role=\"region\" aria-labelledby=\"ea-header-11981\"> <div class=\"ea-body\"><p>2.1 Morgens kommen wir sauber und ordentlich gekleidet zum Unterricht. Wir halten uns an die Einlasszeit ab 7:30 Uhr. Die Eltern verabschieden sich vor dem Schulhaus.<\/p><p>2.2 Mit Genehmigung der Schulleitung d\u00fcrfen wir mit dem Fahrrad zur Schule kommen. Auf dem Schulhof schieben wir das Rad und schlie\u00dfen es an.<\/p><p>2.3 Wir suchen sofort unser Klassenzimmer auf, legen die Arbeitsmaterialien zurecht und bereiten uns auf die kommende Unterrichtsstunde vor.<\/p><\/div><\/div><\/div><div class=\"ea-card sp-ea-single\"><h3 class=\"ea-header\"><a class=\"collapsed\" id=\"ea-header-11982\" role=\"button\" data-sptoggle=\"spcollapse\" data-sptarget=\"#collapse11982\" aria-controls=\"collapse11982\" href=\"#\" aria-expanded=\"false\" tabindex=\"0\"><i aria-hidden=\"true\" role=\"presentation\" class=\"ea-expand-icon eap-icon-ea-expand-plus\"><\/i> 3. Pausenordnung<\/a><\/h3><div class=\"sp-collapse spcollapse \" id=\"collapse11982\" data-parent=\"#sp-ea-1198\" role=\"region\" aria-labelledby=\"ea-header-11982\"> <div class=\"ea-body\"><p>3.1 Die Hofpausen verbringen wir bei sch\u00f6nem Wetter im Freien auf dem Schulhof. Dabei achten wir auf einen sorgsamen Umgang mit unseren Spielsachen. Damit wir niemanden verletzen, werfen wir keine St\u00f6cke, Kastanien, Schneeb\u00e4lle oder andere Gegenst\u00e4nde.<\/p><p>3.2 Im Treppenhaus laufen wir langsam und immer rechts, um niemanden zu gef\u00e4hrden.<\/p><p>3.3 Die Toiletten halten wir sauber.<\/p><p>3.4 Die Garderobenschr\u00e4nke behandeln wir sorgf\u00e4ltig und schlie\u00dfen sie immer.<\/p><p>3.5 W\u00e4hrend der gesamten Unterrichtszeit bleiben wir auf dem Schulgel\u00e4nde.<\/p><\/div><\/div><\/div><div class=\"ea-card sp-ea-single\"><h3 class=\"ea-header\"><a class=\"collapsed\" id=\"ea-header-11983\" role=\"button\" data-sptoggle=\"spcollapse\" data-sptarget=\"#collapse11983\" aria-controls=\"collapse11983\" href=\"#\" aria-expanded=\"false\" tabindex=\"0\"><i aria-hidden=\"true\" role=\"presentation\" class=\"ea-expand-icon eap-icon-ea-expand-plus\"><\/i> 4. Regeln des Zusammenlebens an unserer Grundschule<\/a><\/h3><div class=\"sp-collapse spcollapse \" id=\"collapse11983\" data-parent=\"#sp-ea-1198\" role=\"region\" aria-labelledby=\"ea-header-11983\"> <div class=\"ea-body\"><p>4.1 Wir verhalten uns so, dass wir die Gef\u00e4hrdung anderer vermeiden und niemanden beleidigen. Wir sind kameradschaftlich zueinander. Der unsachgem\u00e4\u00dfe Umgang mit Scheren, Zirkeln und anderen spitzen Gegenst\u00e4nden ist untersagt.<\/p><p>4.2 Wir achten auf unsere pers\u00f6nlichen Sachen und Gegenst\u00e4nde. Wertsachen lassen wir zu Hause. Niemand vergreift sich an den Schulsachen anderer Kinder.<\/p><p>4.3 Scharfe Gegenst\u00e4nde und Unterhaltungselektronik bleiben ebenfalls zu Hause.<\/p><p>4.4 Ein jeder von uns ist f\u00fcr die Sauberkeit im Schulhaus und auf dem Schulgel\u00e4nde mitverantwortlich. Wir beachten die M\u00fclltrennung und werfen unseren Abfall in die richtigen Beh\u00e4lter.<\/p><\/div><\/div><\/div><div class=\"ea-card sp-ea-single\"><h3 class=\"ea-header\"><a class=\"collapsed\" id=\"ea-header-11984\" role=\"button\" data-sptoggle=\"spcollapse\" data-sptarget=\"#collapse11984\" aria-controls=\"collapse11984\" href=\"#\" aria-expanded=\"false\" tabindex=\"0\"><i aria-hidden=\"true\" role=\"presentation\" class=\"ea-expand-icon eap-icon-ea-expand-plus\"><\/i> 5. Benutzung der Turnhalle, des Werkraumes und des Computerkabinettes<\/a><\/h3><div class=\"sp-collapse spcollapse \" id=\"collapse11984\" data-parent=\"#sp-ea-1198\" role=\"region\" aria-labelledby=\"ea-header-11984\"> <div class=\"ea-body\"><p>5.1 Wir betreten diese R\u00e4ume nur gemeinsam mit dem Lehrer.<\/p><p>5.2 Es gelten die Ordnungen der einzelnen R\u00e4ume.<\/p><\/div><\/div><\/div><div class=\"ea-card sp-ea-single\"><h3 class=\"ea-header\"><a class=\"collapsed\" id=\"ea-header-11985\" role=\"button\" data-sptoggle=\"spcollapse\" data-sptarget=\"#collapse11985\" aria-controls=\"collapse11985\" href=\"#\" aria-expanded=\"false\" tabindex=\"0\"><i aria-hidden=\"true\" role=\"presentation\" class=\"ea-expand-icon eap-icon-ea-expand-plus\"><\/i> 6. Unterrichtsschluss<\/a><\/h3><div class=\"sp-collapse spcollapse \" id=\"collapse11985\" data-parent=\"#sp-ea-1198\" role=\"region\" aria-labelledby=\"ea-header-11985\"> <div class=\"ea-body\"><p>Nach dem Unterricht verlassen wir das Zimmer aufger\u00e4umt und stellen die St\u00fchle hoch. Die Tafel wischen wir sauber ab.<\/p><\/div><\/div><\/div><div class=\"ea-card sp-ea-single\"><h3 class=\"ea-header\"><a class=\"collapsed\" id=\"ea-header-11986\" role=\"button\" data-sptoggle=\"spcollapse\" data-sptarget=\"#collapse11986\" aria-controls=\"collapse11986\" href=\"#\" aria-expanded=\"false\" tabindex=\"0\"><i aria-hidden=\"true\" role=\"presentation\" class=\"ea-expand-icon eap-icon-ea-expand-plus\"><\/i> 7. Unf\u00e4lle<\/a><\/h3><div class=\"sp-collapse spcollapse \" id=\"collapse11986\" data-parent=\"#sp-ea-1198\" role=\"region\" aria-labelledby=\"ea-header-11986\"> <div class=\"ea-body\"><p>Unf\u00e4lle im Schulbereich und auf dem Schulweg melden wir sofort bei einem Lehrer.<\/p><\/div><\/div><\/div><div class=\"ea-card sp-ea-single\"><h3 class=\"ea-header\"><a class=\"collapsed\" id=\"ea-header-11987\" role=\"button\" data-sptoggle=\"spcollapse\" data-sptarget=\"#collapse11987\" aria-controls=\"collapse11987\" href=\"#\" aria-expanded=\"false\" tabindex=\"0\"><i aria-hidden=\"true\" role=\"presentation\" class=\"ea-expand-icon eap-icon-ea-expand-plus\"><\/i> 8. Brand- und Katastrophenschutz<\/a><\/h3><div class=\"sp-collapse spcollapse \" id=\"collapse11987\" data-parent=\"#sp-ea-1198\" role=\"region\" aria-labelledby=\"ea-header-11987\"> <div class=\"ea-body\"><p>Bei Alarm (Schulklingel) gelten die Bestimmungen der Evakuierungsordnung.<\/p><\/div><\/div><\/div><div class=\"ea-card sp-ea-single\"><h3 class=\"ea-header\"><a class=\"collapsed\" id=\"ea-header-11988\" role=\"button\" data-sptoggle=\"spcollapse\" data-sptarget=\"#collapse11988\" aria-controls=\"collapse11988\" href=\"#\" aria-expanded=\"false\" tabindex=\"0\"><i aria-hidden=\"true\" role=\"presentation\" class=\"ea-expand-icon eap-icon-ea-expand-plus\"><\/i> Schlussbemerkung<\/a><\/h3><div class=\"sp-collapse spcollapse \" id=\"collapse11988\" data-parent=\"#sp-ea-1198\" role=\"region\" aria-labelledby=\"ea-header-11988\"> <div class=\"ea-body\"><p>Das Schulgesetz des Freistaates Sachsen regelt im \u00a7 39 Erziehungs- und Ordnungsma\u00dfnahmen, die bei wiederholten groben Verst\u00f6\u00dfen gegen die Hausordnung zum Einsatz kommen.<\/p><p>Die Hausordnung wurde am 16.11.2017 von der Schulkonferenz beschlossen. Sie tritt am Tag der Verteilung in Kraft und gilt f\u00fcr alle Sch\u00fcler der Grundschule Colditz.<\/p><p>Katrin Knoll<br \/>Schulleiterin<\/p><\/div><\/div><\/div><\/div><\/div>\n<\/div>\n\n\n\n<div class=\"wp-block-column is-layout-flow wp-block-column-is-layout-flow\">\n<div class=\"wp-block-group\"><div class=\"wp-block-group__inner-container is-layout-flow wp-block-group-is-layout-flow\">\n<h3 class=\"wp-block-heading\">In unserer Schule beachten wir die\nfolgenden Grundregeln: <\/h3>\n\n\n\n<ul class=\"wp-block-list\"><li>Wir sind allen gegen\u00fcber h\u00f6flich und freundlich. <\/li><li>Wir gehen fair, friedlich und r\u00fccksichtsvoll miteinander um. <\/li><li>Wir achten unser Schulmaterial sowie fremdes Eigentum. <\/li><li>Wir sind mitverantwortlich f\u00fcr Ordnung und Sauberkeit. <\/li><li>Wir sind leise im Schulgeb\u00e4ude. <\/li><\/ul>\n<\/div><\/div>\n\n\n\n<div class=\"wp-block-group\"><div class=\"wp-block-group__inner-container is-layout-flow wp-block-group-is-layout-flow\">\n<h3 class=\"wp-block-heading\">Unterrichtszeiten<\/h3>\n\n\n\n<figure class=\"wp-block-table aligncenter is-style-regular timetable half\"><table><tbody><tr><td>1.\/2. Stunde (inkl. 15 Min. Fr\u00fchst\u00fcckspause)<\/td><td>7:40 &#8211; 9:25 Uhr<\/td><td>105 Min.<\/td><\/tr><tr><td>Pause<\/td><td>9:25 &#8211; 9:35 Uhr<\/td><td>10 Min.<\/td><\/tr><tr><td>3. Stunde<\/td><td>9:35 &#8211; 10:20 Uhr<\/td><td>45 Min.<\/td><\/tr><tr><td>Hofpause<\/td><td>10:20 &#8211; 10:45 Uhr<\/td><td>25 Min.<\/td><\/tr><tr><td>4. Stunde<\/td><td>10:45 &#8211; 11:30 Uhr<\/td><td>45 Min.<\/td><\/tr><tr><td>Pause<\/td><td>11:30 &#8211; 11:40 Uhr<\/td><td>10 Min.<\/td><\/tr><tr><td>5. Stunde<\/td><td>11:40 &#8211; 12:25 Uhr<\/td><td>45 Min.<\/td><\/tr><tr><td>Pause<\/td><td>12:25 &#8211; 12:35 Uhr<\/td><td>10 Min.<\/td><\/tr><tr><td>6. Stunde<\/td><td>12:35 &#8211; 13:20 Uhr<\/td><td>45 Min.<\/td><\/tr><\/tbody><\/table><\/figure>\n<\/div><\/div>\n<\/div>\n<\/div>\n","protected":false},"excerpt":{"rendered":"<p>Informationen zur Einschulung Anmeldung Alle Kinder, die bis zum 30. Juni des laufenden Jahres das sechste Lebensjahr vollendet haben, m\u00fcssen an der Grundschule des Hauptwohnsitzes angemeldet werden. Kinder,&hellip;<\/p>\n","protected":false},"author":1,"featured_media":0,"parent":0,"menu_order":0,"comment_status":"closed","ping_status":"closed","template":"","meta":{"_crdt_document":"","inline_featured_image":false,"_uag_custom_page_level_css":"","pgc_sgb_lightbox_settings":"","footnotes":""},"class_list":["post-1148","page","type-page","status-publish","has-post-thumbnail","hentry"],"yoast_head":"<!-- This site is optimized with the Yoast SEO plugin v27.5 - https:\/\/yoast.com\/product\/yoast-seo-wordpress\/ -->\n<title>Allgemeine Informationen - Grundschule Colditz<\/title>\n<meta name=\"robots\" content=\"index, follow, max-snippet:-1, max-image-preview:large, max-video-preview:-1\" \/>\n<link rel=\"canonical\" href=\"https:\/\/schulen-colditz.de\/grundschule\/allgemeine-informationen\/\" \/>\n<meta property=\"og:locale\" content=\"de_DE\" \/>\n<meta property=\"og:type\" content=\"article\" \/>\n<meta property=\"og:title\" content=\"Allgemeine Informationen - Grundschule Colditz\" \/>\n<meta property=\"og:description\" content=\"Informationen zur Einschulung Anmeldung Alle Kinder, die bis zum 30. Juni des laufenden Jahres das sechste Lebensjahr vollendet haben, m\u00fcssen an der Grundschule des Hauptwohnsitzes angemeldet werden. Kinder,&hellip;\" \/>\n<meta property=\"og:url\" content=\"https:\/\/schulen-colditz.de\/grundschule\/allgemeine-informationen\/\" \/>\n<meta property=\"og:site_name\" content=\"Grundschule Colditz\" \/>\n<meta property=\"article:modified_time\" content=\"2020-06-15T09:41:02+00:00\" \/>\n<meta name=\"twitter:card\" content=\"summary_large_image\" \/>\n<meta name=\"twitter:label1\" content=\"Gesch\u00e4tzte Lesezeit\" \/>\n\t<meta name=\"twitter:data1\" content=\"2\u00a0Minuten\" \/>\n<script type=\"application\/ld+json\" class=\"yoast-schema-graph\">{\"@context\":\"https:\\\/\\\/schema.org\",\"@graph\":[{\"@type\":\"WebPage\",\"@id\":\"https:\\\/\\\/schulen-colditz.de\\\/grundschule\\\/allgemeine-informationen\\\/\",\"url\":\"https:\\\/\\\/schulen-colditz.de\\\/grundschule\\\/allgemeine-informationen\\\/\",\"name\":\"Allgemeine Informationen - Grundschule Colditz\",\"isPartOf\":{\"@id\":\"https:\\\/\\\/schulen-colditz.de\\\/grundschule\\\/#website\"},\"datePublished\":\"2020-05-05T13:01:42+00:00\",\"dateModified\":\"2020-06-15T09:41:02+00:00\",\"breadcrumb\":{\"@id\":\"https:\\\/\\\/schulen-colditz.de\\\/grundschule\\\/allgemeine-informationen\\\/#breadcrumb\"},\"inLanguage\":\"de\",\"potentialAction\":[{\"@type\":\"ReadAction\",\"target\":[\"https:\\\/\\\/schulen-colditz.de\\\/grundschule\\\/allgemeine-informationen\\\/\"]}]},{\"@type\":\"BreadcrumbList\",\"@id\":\"https:\\\/\\\/schulen-colditz.de\\\/grundschule\\\/allgemeine-informationen\\\/#breadcrumb\",\"itemListElement\":[{\"@type\":\"ListItem\",\"position\":1,\"name\":\"Startseite\",\"item\":\"https:\\\/\\\/schulen-colditz.de\\\/grundschule\\\/\"},{\"@type\":\"ListItem\",\"position\":2,\"name\":\"Allgemeine Informationen\"}]},{\"@type\":\"WebSite\",\"@id\":\"https:\\\/\\\/schulen-colditz.de\\\/grundschule\\\/#website\",\"url\":\"https:\\\/\\\/schulen-colditz.de\\\/grundschule\\\/\",\"name\":\"Grundschule Colditz\",\"description\":\"Hier erfahren Sie alles \u00fcber die Grundschule Colditz\",\"publisher\":{\"@id\":\"https:\\\/\\\/schulen-colditz.de\\\/grundschule\\\/#organization\"},\"potentialAction\":[{\"@type\":\"SearchAction\",\"target\":{\"@type\":\"EntryPoint\",\"urlTemplate\":\"https:\\\/\\\/schulen-colditz.de\\\/grundschule\\\/?s={search_term_string}\"},\"query-input\":{\"@type\":\"PropertyValueSpecification\",\"valueRequired\":true,\"valueName\":\"search_term_string\"}}],\"inLanguage\":\"de\"},{\"@type\":\"Organization\",\"@id\":\"https:\\\/\\\/schulen-colditz.de\\\/grundschule\\\/#organization\",\"name\":\"Grundschule Colditz\",\"url\":\"https:\\\/\\\/schulen-colditz.de\\\/grundschule\\\/\",\"logo\":{\"@type\":\"ImageObject\",\"inLanguage\":\"de\",\"@id\":\"https:\\\/\\\/schulen-colditz.de\\\/grundschule\\\/#\\\/schema\\\/logo\\\/image\\\/\",\"url\":\"https:\\\/\\\/schulen-colditz.de\\\/grundschule\\\/wp-content\\\/uploads\\\/sites\\\/3\\\/2019\\\/08\\\/cropped-logo-grundschule.png\",\"contentUrl\":\"https:\\\/\\\/schulen-colditz.de\\\/grundschule\\\/wp-content\\\/uploads\\\/sites\\\/3\\\/2019\\\/08\\\/cropped-logo-grundschule.png\",\"width\":6815,\"height\":1405,\"caption\":\"Grundschule Colditz\"},\"image\":{\"@id\":\"https:\\\/\\\/schulen-colditz.de\\\/grundschule\\\/#\\\/schema\\\/logo\\\/image\\\/\"}}]}<\/script>\n<!-- \/ Yoast SEO plugin. -->","yoast_head_json":{"title":"Allgemeine Informationen - Grundschule Colditz","robots":{"index":"index","follow":"follow","max-snippet":"max-snippet:-1","max-image-preview":"max-image-preview:large","max-video-preview":"max-video-preview:-1"},"canonical":"https:\/\/schulen-colditz.de\/grundschule\/allgemeine-informationen\/","og_locale":"de_DE","og_type":"article","og_title":"Allgemeine Informationen - Grundschule Colditz","og_description":"Informationen zur Einschulung Anmeldung Alle Kinder, die bis zum 30. Juni des laufenden Jahres das sechste Lebensjahr vollendet haben, m\u00fcssen an der Grundschule des Hauptwohnsitzes angemeldet werden. Kinder,&hellip;","og_url":"https:\/\/schulen-colditz.de\/grundschule\/allgemeine-informationen\/","og_site_name":"Grundschule Colditz","article_modified_time":"2020-06-15T09:41:02+00:00","twitter_card":"summary_large_image","twitter_misc":{"Gesch\u00e4tzte Lesezeit":"2\u00a0Minuten"},"schema":{"@context":"https:\/\/schema.org","@graph":[{"@type":"WebPage","@id":"https:\/\/schulen-colditz.de\/grundschule\/allgemeine-informationen\/","url":"https:\/\/schulen-colditz.de\/grundschule\/allgemeine-informationen\/","name":"Allgemeine Informationen - Grundschule Colditz","isPartOf":{"@id":"https:\/\/schulen-colditz.de\/grundschule\/#website"},"datePublished":"2020-05-05T13:01:42+00:00","dateModified":"2020-06-15T09:41:02+00:00","breadcrumb":{"@id":"https:\/\/schulen-colditz.de\/grundschule\/allgemeine-informationen\/#breadcrumb"},"inLanguage":"de","potentialAction":[{"@type":"ReadAction","target":["https:\/\/schulen-colditz.de\/grundschule\/allgemeine-informationen\/"]}]},{"@type":"BreadcrumbList","@id":"https:\/\/schulen-colditz.de\/grundschule\/allgemeine-informationen\/#breadcrumb","itemListElement":[{"@type":"ListItem","position":1,"name":"Startseite","item":"https:\/\/schulen-colditz.de\/grundschule\/"},{"@type":"ListItem","position":2,"name":"Allgemeine Informationen"}]},{"@type":"WebSite","@id":"https:\/\/schulen-colditz.de\/grundschule\/#website","url":"https:\/\/schulen-colditz.de\/grundschule\/","name":"Grundschule Colditz","description":"Hier erfahren Sie alles \u00fcber die Grundschule Colditz","publisher":{"@id":"https:\/\/schulen-colditz.de\/grundschule\/#organization"},"potentialAction":[{"@type":"SearchAction","target":{"@type":"EntryPoint","urlTemplate":"https:\/\/schulen-colditz.de\/grundschule\/?s={search_term_string}"},"query-input":{"@type":"PropertyValueSpecification","valueRequired":true,"valueName":"search_term_string"}}],"inLanguage":"de"},{"@type":"Organization","@id":"https:\/\/schulen-colditz.de\/grundschule\/#organization","name":"Grundschule Colditz","url":"https:\/\/schulen-colditz.de\/grundschule\/","logo":{"@type":"ImageObject","inLanguage":"de","@id":"https:\/\/schulen-colditz.de\/grundschule\/#\/schema\/logo\/image\/","url":"https:\/\/schulen-colditz.de\/grundschule\/wp-content\/uploads\/sites\/3\/2019\/08\/cropped-logo-grundschule.png","contentUrl":"https:\/\/schulen-colditz.de\/grundschule\/wp-content\/uploads\/sites\/3\/2019\/08\/cropped-logo-grundschule.png","width":6815,"height":1405,"caption":"Grundschule Colditz"},"image":{"@id":"https:\/\/schulen-colditz.de\/grundschule\/#\/schema\/logo\/image\/"}}]}},"uagb_featured_image_src":{"full":false,"thumbnail":false,"medium":false,"medium_large":false,"large":false,"1536x1536":false,"2048x2048":false,"post-thumbnail":false,"chaplin_preview_image_low_resolution":false,"chaplin_preview_image_high_resolution":false,"chaplin_fullscreen":false,"400x250-crop":false},"uagb_author_info":{"display_name":"knick","author_link":"https:\/\/schulen-colditz.de\/grundschule\/author\/knick\/"},"uagb_comment_info":0,"uagb_excerpt":"Informationen zur Einschulung Anmeldung Alle Kinder, die bis zum 30. Juni des laufenden Jahres das sechste Lebensjahr vollendet haben, m\u00fcssen an der Grundschule des Hauptwohnsitzes angemeldet werden. Kinder,&hellip;","_links":{"self":[{"href":"https:\/\/schulen-colditz.de\/grundschule\/wp-json\/wp\/v2\/pages\/1148","targetHints":{"allow":["GET"]}}],"collection":[{"href":"https:\/\/schulen-colditz.de\/grundschule\/wp-json\/wp\/v2\/pages"}],"about":[{"href":"https:\/\/schulen-colditz.de\/grundschule\/wp-json\/wp\/v2\/types\/page"}],"author":[{"embeddable":true,"href":"https:\/\/schulen-colditz.de\/grundschule\/wp-json\/wp\/v2\/users\/1"}],"replies":[{"embeddable":true,"href":"https:\/\/schulen-colditz.de\/grundschule\/wp-json\/wp\/v2\/comments?post=1148"}],"version-history":[{"count":0,"href":"https:\/\/schulen-colditz.de\/grundschule\/wp-json\/wp\/v2\/pages\/1148\/revisions"}],"wp:attachment":[{"href":"https:\/\/schulen-colditz.de\/grundschule\/wp-json\/wp\/v2\/media?parent=1148"}],"curies":[{"name":"wp","href":"https:\/\/api.w.org\/{rel}","templated":true}]}}